{"id":3662,"date":"2025-03-12T09:40:26","date_gmt":"2025-03-12T08:40:26","guid":{"rendered":"https:\/\/dev.asso-clan.net\/?page_id=3662"},"modified":"2025-03-12T09:40:32","modified_gmt":"2025-03-12T08:40:32","slug":"reglement-interieur","status":"publish","type":"page","link":"https:\/\/asso-clan.net\/?page_id=3662","title":{"rendered":"R\u00e8glement int\u00e9rieur"},"content":{"rendered":"\n<div class=\"wp-block-uagb-container uagb-block-454e1ea5 alignfull uagb-is-root-container\"><div class=\"uagb-container-inner-blocks-wrap\">\n<h2 class=\"wp-block-heading\"><strong>R\u00e8glement int\u00e9rieur C.L.A.N.<\/strong> <strong><em>Adopt\u00e9 par l\u2019assembl\u00e9e g\u00e9n\u00e9rale du 01\/03\/2023<\/em><\/strong><\/h2>\n\n\n\n<h3 class=\"wp-block-heading\">ARTICLE 1 \u2013 OBJET DU DOCUMENT<\/h3>\n\n\n\n<p>Il est fond\u00e9 entre les adh\u00e9rents au pr\u00e9sent r\u00e8glement int\u00e9rieur une association r\u00e9gie par la loi du 1<sup>er<\/sup> juillet 1901 et le d\u00e9cret du 16 ao\u00fbt 1901, ayant pour titre : C.L.A.N. (Culture et Loisirs Associatifs Nancy)&nbsp;<\/p>\n\n\n\n<h3 class=\"wp-block-heading\">ARTICLE 2 &#8211; BUT OBJET &nbsp;<\/h3>\n\n\n\n<p>Cette association a pour objet :&nbsp;<\/p>\n\n\n\n<ul class=\"wp-block-list\">\n<li>D&rsquo;organiser des \u00e9v\u00e9nements pour ses membres et le grand public,\u00a0<\/li>\n\n\n\n<li>D&rsquo;organiser des activit\u00e9s et manifestations \u00e0 but lucratif pour r\u00e9colter des fonds destin\u00e9s \u00e0 financer les activit\u00e9s de l&rsquo;association,\u00a0<\/li>\n\n\n\n<li>De vendre des produits et objets divers pour r\u00e9colter des fonds destin\u00e9s \u00e0 financer les activit\u00e9s de l&rsquo;association,\u00a0<\/li>\n\n\n\n<li>De proposer des services pour r\u00e9colter des fonds destin\u00e9s \u00e0 financer les activit\u00e9s de l&rsquo;association, De Contribuer au d\u00e9veloppement culturel et social de la communaut\u00e9.<em> <\/em>\u00a0<\/li>\n<\/ul>\n\n\n\n<h3 class=\"wp-block-heading\">ARTICLE 3 &#8211; DUREE\u00a0 \u00a0<\/h3>\n\n\n\n<p>La dur\u00e9e de l\u2019association est illimit\u00e9e.&nbsp;<\/p>\n\n\n\n<h3 class=\"wp-block-heading\">ARTICLE 4 &#8211; COMPOSITION &nbsp;&nbsp;<\/h3>\n\n\n\n<p>L&rsquo;association se compose de :&nbsp;<\/p>\n\n\n\n<ul class=\"wp-block-list\">\n<li>Membres d&rsquo;honneur : membres d\u00e9finis par le CA suivant les actions ou les b\u00e9n\u00e9fices apport\u00e9s \u00e0 l\u2019association.\u00a0<\/li>\n\n\n\n<li>Membres donateurs\u00a0: membres participants aux activit\u00e9s de l\u2019association et ayant effectu\u00e9 une donation au C.L.A.N.<\/li>\n\n\n\n<li>Membres actifs ou adh\u00e9rents : membres participants aux activit\u00e9s de l\u2019association\u00a0<\/li>\n\n\n\n<li>Membres fondateurs : membres participants \u00e0 la cr\u00e9ation de l\u2019association et participants \u00e0 l\u2019assembl\u00e9e g\u00e9n\u00e9rale constitutive.\u00a0<\/li>\n<\/ul>\n\n\n\n<h3 class=\"wp-block-heading\">ARTICLE 5 &#8211; ADMISSION &nbsp;&nbsp;<\/h3>\n\n\n\n<p>L\u2019association est ouverte \u00e0 tous, sans condition ni distinction.&nbsp;<\/p>\n\n\n\n<p>Toute admission sera agr\u00e9\u00e9e par le conseil d\u2019administration compos\u00e9 du bureau.<\/p>\n\n\n\n<p>Ce dernier statuera lors de chacune de ses r\u00e9unions sur les demandes d\u2019admission pr\u00e9sent\u00e9es.<\/p>\n\n\n\n<p>L\u2019admission sera valid\u00e9e par l\u2019envoi de mail de bienvenu au r\u00e9cipiendaire.<\/p>\n\n\n\n<h3 class=\"wp-block-heading\">ARTICLE 6 &#8211; MEMBRES \u2013 COTISATIONS &nbsp;<\/h3>\n\n\n\n<p>Sont membres actifs ceux qui ont pris l&rsquo;engagement de verser annuellement une somme de 15 \u20ac \u00e0 titre de cotisation.&nbsp;<\/p>\n\n\n\n<p>Sont membres d&rsquo;honneur sont ceux qui ont rendu des services signal\u00e9s \u00e0 l\u2019association ; ils sont dispens\u00e9s de cotisations ;&nbsp;<\/p>\n\n\n\n<p>Les adh\u00e9sions sont valables une ann\u00e9e pleine \u00e0 partir de la date de cotisation.<\/p>\n\n\n\n<h3 class=\"wp-block-heading\">ARTICLE 7 &#8211; RADIATIONS &nbsp;&nbsp;<\/h3>\n\n\n\n<p>La qualit\u00e9 de membre se perd par :&nbsp;<\/p>\n\n\n\n<ul class=\"wp-block-list\">\n<li>La d\u00e9mission ;\u00a0<\/li>\n\n\n\n<li>Le d\u00e9c\u00e8s ;\u00a0<\/li>\n\n\n\n<li>La radiation prononc\u00e9e par le conseil d&rsquo;administration pour non-paiement de la cotisation ou pour motif grave, l&rsquo;int\u00e9ress\u00e9 ayant \u00e9t\u00e9 invit\u00e9 par tout moyen de communication \u00e0 fournir des explications devant le bureau et\/ou par \u00e9crit.\u00a0\u00a0<\/li>\n<\/ul>\n\n\n\n<h3 class=\"wp-block-heading\">ARTICLE 8 &#8211; AFFILIATION<em> <\/em>&nbsp;<\/h3>\n\n\n\n<p>Elle peut adh\u00e9rer \u00e0 d\u2019autres associations, unions ou regroupements par d\u00e9cision du conseil d\u2019administration.&nbsp;<\/p>\n\n\n\n<h3 class=\"wp-block-heading\">ARTICLE 9 &#8211; RESSOURCES&nbsp;&nbsp;<\/h3>\n\n\n\n<p>Les ressources de l&rsquo;association comprennent :&nbsp;<\/p>\n\n\n\n<ul class=\"wp-block-list\">\n<li>Les droits d\u2019entr\u00e9es de ses membres,\u00a0<\/li>\n\n\n\n<li>Les cotisations et les dons de ses membres,\u00a0<\/li>\n\n\n\n<li>La recette des produits vendus, services rendus et activit\u00e9s organis\u00e9es,\u00a0<\/li>\n\n\n\n<li>Les subventions publiques et priv\u00e9es,\u00a0<\/li>\n\n\n\n<li>Toutes les ressources autoris\u00e9es par les lois et r\u00e8glements en vigueur.\u00a0\u00a0<\/li>\n<\/ul>\n\n\n\n<h3 class=\"wp-block-heading\">ARTICLE 10 &#8211; ASSEMBLEE GENERALE ORDINAIRE &nbsp;&nbsp;<\/h3>\n\n\n\n<p>L&rsquo;assembl\u00e9e g\u00e9n\u00e9rale ordinaire comprend les membres de l&rsquo;association participants aux organisations d\u2019\u00e9v\u00e8nement s\u00e9lectionn\u00e9s et d\u00e9sign\u00e9s par cette derni\u00e8re. &nbsp;<\/p>\n\n\n\n<p>Elle se r\u00e9unit chaque ann\u00e9e.&nbsp;<\/p>\n\n\n\n<p>Quinze jours au moins avant la date fix\u00e9e, les membres de l&rsquo;association sont convoqu\u00e9s par les soins du secr\u00e9taire. L&rsquo;ordre du jour figurera sur les convocations.&nbsp;&nbsp;<\/p>\n\n\n\n<p>Le pr\u00e9sident, assist\u00e9 des membres du conseil, pr\u00e9side l&rsquo;assembl\u00e9e et expose la situation morale ou l\u2019activit\u00e9 de l&rsquo;association.&nbsp;&nbsp;<\/p>\n\n\n\n<p>Le tr\u00e9sorier rend compte de sa gestion et soumet les comptes annuels (bilan, compte de r\u00e9sultat et annexe) \u00e0 l&rsquo;approbation de l&rsquo;assembl\u00e9e.&nbsp;&nbsp;<\/p>\n\n\n\n<p>L\u2019assembl\u00e9e g\u00e9n\u00e9rale fixe le montant des cotisations annuelles et du droit d\u2019entr\u00e9e \u00e0 verser par les diff\u00e9rentes cat\u00e9gories de membres.&nbsp;<\/p>\n\n\n\n<p>Ne peuvent \u00eatre abord\u00e9s que les points inscrits \u00e0 l&rsquo;ordre du jour.&nbsp;&nbsp;<\/p>\n\n\n\n<p>Les d\u00e9cisions&nbsp;:<\/p>\n\n\n\n<ul class=\"wp-block-list\">\n<li>Sont vot\u00e9es \u00e0 la majorit\u00e9 relative du scrutin (chaque membre pouvant voter pour toutes les propositions effectu\u00e9es).\u00a0<\/li>\n<\/ul>\n\n\n\n<p>Puis<\/p>\n\n\n\n<ul class=\"wp-block-list\">\n<li>Mise en d\u00e9lib\u00e9ration des membres du Bureau pour validation.<\/li>\n<\/ul>\n\n\n\n<p>Il est proc\u00e9d\u00e9, apr\u00e8s \u00e9puisement de l&rsquo;ordre du jour, au renouvellement des membres sortants du conseil.&nbsp;<\/p>\n\n\n\n<p>Toutes les d\u00e9lib\u00e9rations sont prises \u00e0 main lev\u00e9e.&nbsp;<\/p>\n\n\n\n<p>Les d\u00e9cisions des assembl\u00e9es g\u00e9n\u00e9rales s\u2019imposent \u00e0 tous les membres, y compris absents ou repr\u00e9sent\u00e9s.&nbsp;<\/p>\n\n\n\n<h3 class=\"wp-block-heading\">ARTICLE 11 &#8211; ASSEMBLEE GENERALE EXTRAORDINAIRE &nbsp;&nbsp;<\/h3>\n\n\n\n<p>Si besoin est, ou sur la demande de la moiti\u00e9 plus un des membres inscrits, le pr\u00e9sident peut convoquer une assembl\u00e9e g\u00e9n\u00e9rale extraordinaire, suivant les modalit\u00e9s pr\u00e9vues au pr\u00e9sent r\u00e8glement et uniquement pour modification des statuts ou la dissolution ou pour des actes portants sur des immeubles.&nbsp; Les modalit\u00e9s de convocation sont les m\u00eames que pour l\u2019assembl\u00e9e g\u00e9n\u00e9rale ordinaire. Les d\u00e9lib\u00e9rations sont prises \u00e0 la majorit\u00e9 du scrutin.&nbsp;<\/p>\n\n\n\n<h3 class=\"wp-block-heading\">ARTICLE 12 \u2013 LE BUREAU &nbsp;&nbsp;<\/h3>\n\n\n\n<p>Le bureau est compos\u00e9 de :&nbsp;<\/p>\n\n\n\n<ul class=\"wp-block-list\">\n<li>Un pr\u00e9sident\u00a0&#8211; Rolland CLEMENT<\/li>\n\n\n\n<li>Un vice-pr\u00e9sident\u00a0&#8211; Lucien LAHIRE\u00a0<\/li>\n\n\n\n<li>Une secr\u00e9taire\u00a0&#8211; Estelle TOURNIAIRE<\/li>\n\n\n\n<li>Un secr\u00e9taire adjoint\u00a0&#8211; Lucas CAR\u00caME<\/li>\n\n\n\n<li>Un tr\u00e9sorier\u00a0&#8211; C\u00e9dric COLNOT\u00a0\u00a0<\/li>\n<\/ul>\n\n\n\n<p>Les fonctions, attributions et pouvoirs de chaque membre du bureau sont d\u00e9fini comme suit :&nbsp;<\/p>\n\n\n\n<ul class=\"wp-block-list\">\n<li>Pr\u00e9sident : Il repr\u00e9sente l&rsquo;association aupr\u00e8s des tiers, convoque et pr\u00e9side les r\u00e9unions du Conseil d&rsquo;Administration et de l&rsquo;Assembl\u00e9e G\u00e9n\u00e9rale, assure la gestion courante de l&rsquo;association.\u00a0<\/li>\n\n\n\n<li>Vice-Pr\u00e9sident : Il assiste le Pr\u00e9sident dans ses fonctions et peut le remplacer en cas d&rsquo;absence ou d&#8217;emp\u00eachement.\u00a0<\/li>\n\n\n\n<li>Secr\u00e9taire : Il est en charge de la correspondance de l&rsquo;association, tient les minutes des r\u00e9unions du Conseil d&rsquo;Administration et de l&rsquo;Assembl\u00e9e G\u00e9n\u00e9rale, et assure la tenue du registre des d\u00e9cisions prises.\u00a0<\/li>\n\n\n\n<li>Secr\u00e9taire adjoint\u00a0: Il assiste la secr\u00e9taire dans ses fonctions et peut la remplacer en cas d&rsquo;absence ou d&#8217;emp\u00eachement.\u00a0<\/li>\n\n\n\n<li>Tr\u00e9sorier : Il est en charge de la gestion financi\u00e8re de l&rsquo;association, tient \u00e0 jour les comptes bancaires et les livres comptables, et pr\u00e9sente un bilan financier annuel \u00e0 l&rsquo;Assembl\u00e9e G\u00e9n\u00e9rale.<\/li>\n<\/ul>\n\n\n\n<h3 class=\"wp-block-heading\">ARTICLE 13 \u2013 INDEMNITES&nbsp;<\/h3>\n\n\n\n<p>Toutes les fonctions, y compris celles des membres du conseil d\u2019administration et du bureau, sont gratuites et b\u00e9n\u00e9voles. Seuls les frais occasionn\u00e9s par l\u2019accomplissement de leur mandat sont rembours\u00e9s sur justificatifs. Le rapport financier pr\u00e9sent\u00e9 \u00e0 l\u2019assembl\u00e9e g\u00e9n\u00e9rale ordinaire pr\u00e9sente, par b\u00e9n\u00e9ficiaire, les remboursements de frais de mission, de d\u00e9placement ou de repr\u00e9sentation.&nbsp;<\/p>\n\n\n\n<p>Seuls les membres \u00e9lus du bureau, peuvent pr\u00e9tendre au remboursement des frais engag\u00e9s dans le cadre de leurs fonctions et sur justifications.<\/p>\n\n\n\n<p>Tout frais doit faire l\u2019objet d\u2019une demande pr\u00e9alable et d\u2019une validation par le bureau \u00e0 la majorit\u00e9 du scrutin.&nbsp;<\/p>\n\n\n\n<h3 class=\"wp-block-heading\">ARTICLE 14 &#8211; DISSOLUTION &nbsp;&nbsp;<\/h3>\n\n\n\n<p>En cas de dissolution prononc\u00e9e un ou plusieurs liquidateurs sont nomm\u00e9s, et l&rsquo;actif net, s&rsquo;il y a lieu, est d\u00e9volu \u00e0 un organisme ayant un but non lucratif ou \u00e0 une association ayant des buts similaires<em> <\/em>conform\u00e9ment aux d\u00e9cisions de l\u2019assembl\u00e9e g\u00e9n\u00e9rale extraordinaire qui statue sur la dissolution. L\u2019actif net ne peut \u00eatre d\u00e9volu \u00e0 un membre de l\u2019association, m\u00eame partiellement, sauf reprise d\u2019un apport.&nbsp; &nbsp;<\/p>\n\n\n\n<h4 class=\"wp-block-heading\"><strong>Article 15 \u2013 Modification du r\u00e8glement int\u00e9rieur<\/strong><\/h4>\n\n\n\n<p>Le pr\u00e9sent r\u00e8glement int\u00e9rieur pourra \u00eatre modifi\u00e9 par le bureau ou par l\u2019assembl\u00e9e g\u00e9n\u00e9rale ordinaire \u00e0 la majorit\u00e9 du scrutin.<\/p>\n\n\n\n<h4 class=\"wp-block-heading\"><strong>Article 16 \u2013 Participation aux \u00e9v\u00e8nements<\/strong><\/h4>\n\n\n\n<p><strong>16.1<\/strong> Les adh\u00e9rents peuvent participer aux \u00e9v\u00e8nements et b\u00e9n\u00e9ficier des avantages de l\u2019association si leur adh\u00e9sion est effective \u00e0 la date de l\u2019\u00e9v\u00e8nement.<\/p>\n\n\n\n<p>Les r\u00e9ductions propos\u00e9es aux adh\u00e9rents seront d\u00e9finies au cas par cas et selon les \u00e9v\u00e8nements par le bureau.<\/p>\n\n\n\n<p>Diff\u00e9rents tarifs seront propos\u00e9s :<\/p>\n\n\n\n<ul class=\"wp-block-list\">\n<li>Tarifs adh\u00e9rents<\/li>\n\n\n\n<li>Tarifs non-adh\u00e9rent<\/li>\n\n\n\n<li>Tarifs famille<\/li>\n\n\n\n<li>Tarifs Enfant<\/li>\n<\/ul>\n\n\n\n<p>Le bureau de l&rsquo;association se r\u00e9serve le droit de d\u00e9cider de l&rsquo;audience de chaque \u00e9v\u00e8nement.<\/p>\n\n\n\n<p><strong>16.2<\/strong> Les adh\u00e9rents qui participent aux \u00e9v\u00e9nements peuvent parfois se retrouver sur des photos qui peuvent \u00eatre r\u00e9utilis\u00e9es par le CLAN sur son site Internet en vue de promouvoir l\u2019association CLAN. Ces photos ne sont ni modifi\u00e9es ni revendues et reste la propri\u00e9t\u00e9 l\u00e9gitime du CLAN. Chaque membre peut exercer son droit de retrait \u00e0 l\u2019utilisation de son image sur simple demande par mail&nbsp;: contact@asso-clan.net<\/p>\n\n\n\n<h3 class=\"wp-block-heading\"><strong>Article 17 \u2013 Acquisition de mat\u00e9riel \/ services<\/strong><\/h3>\n\n\n\n<p>Le nombre d&rsquo;article pouvant etre acquis par adh\u00e9rent est d\u00e9fini et revue par le bureau au besoin.<\/p>\n\n\n\n<p>Le prix de vente de chaque article est d\u00e9fini et revue par le bureau au besoin.<\/p>\n\n\n\n<p>Les conditions d\u2019achat seront d\u00e9finies et stipul\u00e9es dans les conditions g\u00e9n\u00e9rales de vente sur site internet du CLAN&nbsp;: www.clan-asso.net&nbsp;<\/p>\n<\/div><\/div>\n","protected":false},"excerpt":{"rendered":"<p>R\u00e8glement int\u00e9rieur C.L.A.N. Adopt\u00e9 par l\u2019assembl\u00e9e g\u00e9n\u00e9rale du 01\/03\/2023 ARTICLE 1 \u2013 OBJET DU DOCUMENT Il est fond\u00e9 entre les adh\u00e9rents au pr\u00e9sent r\u00e8glement int\u00e9rieur une association r\u00e9gie par la loi du 1er juillet 1901 et le d\u00e9cret du 16 ao\u00fbt 1901, ayant pour titre : C.L.A.N. (Culture et Loisirs Associatifs Nancy)&nbsp; ARTICLE 2 &#8211; [&hellip;]<\/p>\n","protected":false},"author":2,"featured_media":0,"parent":0,"menu_order":0,"comment_status":"closed","ping_status":"closed","template":"","meta":{"_uag_custom_page_level_css":"","site-sidebar-layout":"default","site-content-layout":"","ast-site-content-layout":"default","site-content-style":"default","site-sidebar-style":"default","ast-global-header-display":"","ast-banner-title-visibility":"","ast-main-header-display":"","ast-hfb-above-header-display":"","ast-hfb-below-header-display":"","ast-hfb-mobile-header-display":"","site-post-title":"disabled","ast-breadcrumbs-content":"","ast-featured-img":"","footer-sml-layout":"","theme-transparent-header-meta":"","adv-header-id-meta":"","stick-header-meta":"","header-above-stick-meta":"","header-main-stick-meta":"","header-below-stick-meta":"","astra-migrate-meta-layouts":"set","ast-page-background-enabled":"default","ast-page-background-meta":{"desktop":{"background-color":"","background-image":"","background-repeat":"repeat","background-position":"center center","background-size":"auto","background-attachment":"scroll","background-type":"","background-media":"","overlay-type":"","overlay-color":"","overlay-opacity":"","overlay-gradient":""},"tablet":{"background-color":"","background-image":"","background-repeat":"repeat","background-position":"center center","background-size":"auto","background-attachment":"scroll","background-type":"","background-media":"","overlay-type":"","overlay-color":"","overlay-opacity":"","overlay-gradient":""},"mobile":{"background-color":"","background-image":"","background-repeat":"repeat","background-position":"center center","background-size":"auto","background-attachment":"scroll","background-type":"","background-media":"","overlay-type":"","overlay-color":"","overlay-opacity":"","overlay-gradient":""}},"ast-content-background-meta":{"desktop":{"background-color":"var(--ast-global-color-5)","background-image":"","background-repeat":"repeat","background-position":"center center","background-size":"auto","background-attachment":"scroll","background-type":"","background-media":"","overlay-type":"","overlay-color":"","overlay-opacity":"","overlay-gradient":""},"tablet":{"background-color":"var(--ast-global-color-5)","background-image":"","background-repeat":"repeat","background-position":"center center","background-size":"auto","background-attachment":"scroll","background-type":"","background-media":"","overlay-type":"","overlay-color":"","overlay-opacity":"","overlay-gradient":""},"mobile":{"background-color":"var(--ast-global-color-5)","background-image":"","background-repeat":"repeat","background-position":"center center","background-size":"auto","background-attachment":"scroll","background-type":"","background-media":"","overlay-type":"","overlay-color":"","overlay-opacity":"","overlay-gradient":""}},"footnotes":""},"class_list":["post-3662","page","type-page","status-publish","hentry"],"yoast_head":"<!-- This site is optimized with the Yoast SEO plugin v25.1 - https:\/\/yoast.com\/wordpress\/plugins\/seo\/ -->\n<title>R\u00e8glement int\u00e9rieur - CLAN<\/title>\n<meta name=\"robots\" content=\"index, follow, max-snippet:-1, max-image-preview:large, max-video-preview:-1\" \/>\n<link rel=\"canonical\" href=\"https:\/\/asso-clan.net\/?page_id=3662\" \/>\n<meta property=\"og:locale\" content=\"fr_FR\" \/>\n<meta property=\"og:type\" content=\"article\" \/>\n<meta property=\"og:title\" content=\"R\u00e8glement int\u00e9rieur - CLAN\" \/>\n<meta property=\"og:description\" content=\"R\u00e8glement int\u00e9rieur C.L.A.N. Adopt\u00e9 par l\u2019assembl\u00e9e g\u00e9n\u00e9rale du 01\/03\/2023 ARTICLE 1 \u2013 OBJET DU DOCUMENT Il est fond\u00e9 entre les adh\u00e9rents au pr\u00e9sent r\u00e8glement int\u00e9rieur une association r\u00e9gie par la loi du 1er juillet 1901 et le d\u00e9cret du 16 ao\u00fbt 1901, ayant pour titre : C.L.A.N. (Culture et Loisirs Associatifs Nancy)&nbsp; ARTICLE 2 &#8211; [&hellip;]\" \/>\n<meta property=\"og:url\" content=\"https:\/\/asso-clan.net\/?page_id=3662\" \/>\n<meta property=\"og:site_name\" content=\"CLAN\" \/>\n<meta property=\"article:modified_time\" content=\"2025-03-12T08:40:32+00:00\" \/>\n<meta name=\"twitter:card\" content=\"summary_large_image\" \/>\n<meta name=\"twitter:label1\" content=\"Dur\u00e9e de lecture estim\u00e9e\" \/>\n\t<meta name=\"twitter:data1\" content=\"8 minutes\" \/>\n<script type=\"application\/ld+json\" class=\"yoast-schema-graph\">{\"@context\":\"https:\/\/schema.org\",\"@graph\":[{\"@type\":\"WebPage\",\"@id\":\"https:\/\/asso-clan.net\/?page_id=3662\",\"url\":\"https:\/\/asso-clan.net\/?page_id=3662\",\"name\":\"R\u00e8glement int\u00e9rieur - CLAN\",\"isPartOf\":{\"@id\":\"http:\/\/asso-clan.net\/#website\"},\"datePublished\":\"2025-03-12T08:40:26+00:00\",\"dateModified\":\"2025-03-12T08:40:32+00:00\",\"breadcrumb\":{\"@id\":\"https:\/\/asso-clan.net\/?page_id=3662#breadcrumb\"},\"inLanguage\":\"fr-FR\",\"potentialAction\":[{\"@type\":\"ReadAction\",\"target\":[\"https:\/\/asso-clan.net\/?page_id=3662\"]}]},{\"@type\":\"BreadcrumbList\",\"@id\":\"https:\/\/asso-clan.net\/?page_id=3662#breadcrumb\",\"itemListElement\":[{\"@type\":\"ListItem\",\"position\":1,\"name\":\"Accueil\",\"item\":\"https:\/\/asso-clan.net\/\"},{\"@type\":\"ListItem\",\"position\":2,\"name\":\"R\u00e8glement int\u00e9rieur\"}]},{\"@type\":\"WebSite\",\"@id\":\"http:\/\/asso-clan.net\/#website\",\"url\":\"http:\/\/asso-clan.net\/\",\"name\":\"CLAN\",\"description\":\"Culture et Loisirs Associatifs Nancy\",\"publisher\":{\"@id\":\"http:\/\/asso-clan.net\/#organization\"},\"potentialAction\":[{\"@type\":\"SearchAction\",\"target\":{\"@type\":\"EntryPoint\",\"urlTemplate\":\"http:\/\/asso-clan.net\/?s={search_term_string}\"},\"query-input\":{\"@type\":\"PropertyValueSpecification\",\"valueRequired\":true,\"valueName\":\"search_term_string\"}}],\"inLanguage\":\"fr-FR\"},{\"@type\":\"Organization\",\"@id\":\"http:\/\/asso-clan.net\/#organization\",\"name\":\"CLAN - Culture et Loisirs Associatifs Nancy\",\"url\":\"http:\/\/asso-clan.net\/\",\"logo\":{\"@type\":\"ImageObject\",\"inLanguage\":\"fr-FR\",\"@id\":\"http:\/\/asso-clan.net\/#\/schema\/logo\/image\/\",\"url\":\"https:\/\/asso-clan.net\/wp-content\/uploads\/2024\/12\/cropped-logo-vector.png\",\"contentUrl\":\"https:\/\/asso-clan.net\/wp-content\/uploads\/2024\/12\/cropped-logo-vector.png\",\"width\":1164,\"height\":387,\"caption\":\"CLAN - Culture et Loisirs Associatifs Nancy\"},\"image\":{\"@id\":\"http:\/\/asso-clan.net\/#\/schema\/logo\/image\/\"}}]}<\/script>\n<!-- \/ Yoast SEO plugin. -->","yoast_head_json":{"title":"R\u00e8glement int\u00e9rieur - CLAN","robots":{"index":"index","follow":"follow","max-snippet":"max-snippet:-1","max-image-preview":"max-image-preview:large","max-video-preview":"max-video-preview:-1"},"canonical":"https:\/\/asso-clan.net\/?page_id=3662","og_locale":"fr_FR","og_type":"article","og_title":"R\u00e8glement int\u00e9rieur - CLAN","og_description":"R\u00e8glement int\u00e9rieur C.L.A.N. Adopt\u00e9 par l\u2019assembl\u00e9e g\u00e9n\u00e9rale du 01\/03\/2023 ARTICLE 1 \u2013 OBJET DU DOCUMENT Il est fond\u00e9 entre les adh\u00e9rents au pr\u00e9sent r\u00e8glement int\u00e9rieur une association r\u00e9gie par la loi du 1er juillet 1901 et le d\u00e9cret du 16 ao\u00fbt 1901, ayant pour titre : C.L.A.N. (Culture et Loisirs Associatifs Nancy)&nbsp; ARTICLE 2 &#8211; [&hellip;]","og_url":"https:\/\/asso-clan.net\/?page_id=3662","og_site_name":"CLAN","article_modified_time":"2025-03-12T08:40:32+00:00","twitter_card":"summary_large_image","twitter_misc":{"Dur\u00e9e de lecture estim\u00e9e":"8 minutes"},"schema":{"@context":"https:\/\/schema.org","@graph":[{"@type":"WebPage","@id":"https:\/\/asso-clan.net\/?page_id=3662","url":"https:\/\/asso-clan.net\/?page_id=3662","name":"R\u00e8glement int\u00e9rieur - CLAN","isPartOf":{"@id":"http:\/\/asso-clan.net\/#website"},"datePublished":"2025-03-12T08:40:26+00:00","dateModified":"2025-03-12T08:40:32+00:00","breadcrumb":{"@id":"https:\/\/asso-clan.net\/?page_id=3662#breadcrumb"},"inLanguage":"fr-FR","potentialAction":[{"@type":"ReadAction","target":["https:\/\/asso-clan.net\/?page_id=3662"]}]},{"@type":"BreadcrumbList","@id":"https:\/\/asso-clan.net\/?page_id=3662#breadcrumb","itemListElement":[{"@type":"ListItem","position":1,"name":"Accueil","item":"https:\/\/asso-clan.net\/"},{"@type":"ListItem","position":2,"name":"R\u00e8glement int\u00e9rieur"}]},{"@type":"WebSite","@id":"http:\/\/asso-clan.net\/#website","url":"http:\/\/asso-clan.net\/","name":"CLAN","description":"Culture et Loisirs Associatifs Nancy","publisher":{"@id":"http:\/\/asso-clan.net\/#organization"},"potentialAction":[{"@type":"SearchAction","target":{"@type":"EntryPoint","urlTemplate":"http:\/\/asso-clan.net\/?s={search_term_string}"},"query-input":{"@type":"PropertyValueSpecification","valueRequired":true,"valueName":"search_term_string"}}],"inLanguage":"fr-FR"},{"@type":"Organization","@id":"http:\/\/asso-clan.net\/#organization","name":"CLAN - Culture et Loisirs Associatifs Nancy","url":"http:\/\/asso-clan.net\/","logo":{"@type":"ImageObject","inLanguage":"fr-FR","@id":"http:\/\/asso-clan.net\/#\/schema\/logo\/image\/","url":"https:\/\/asso-clan.net\/wp-content\/uploads\/2024\/12\/cropped-logo-vector.png","contentUrl":"https:\/\/asso-clan.net\/wp-content\/uploads\/2024\/12\/cropped-logo-vector.png","width":1164,"height":387,"caption":"CLAN - Culture et Loisirs Associatifs Nancy"},"image":{"@id":"http:\/\/asso-clan.net\/#\/schema\/logo\/image\/"}}]}},"uagb_featured_image_src":{"full":false,"thumbnail":false,"medium":false,"medium_large":false,"large":false,"1536x1536":false,"2048x2048":false,"wishsuite-image":false,"ever-compare-image":false,"mailpoet_newsletter_max":false,"woocommerce_thumbnail":false,"woocommerce_single":false,"woocommerce_gallery_thumbnail":false},"uagb_author_info":{"display_name":"Charlotte","author_link":"https:\/\/asso-clan.net\/?author=2"},"uagb_comment_info":0,"uagb_excerpt":"R\u00e8glement int\u00e9rieur C.L.A.N. Adopt\u00e9 par l\u2019assembl\u00e9e g\u00e9n\u00e9rale du 01\/03\/2023 ARTICLE 1 \u2013 OBJET DU DOCUMENT Il est fond\u00e9 entre les adh\u00e9rents au pr\u00e9sent r\u00e8glement int\u00e9rieur une association r\u00e9gie par la loi du 1er juillet 1901 et le d\u00e9cret du 16 ao\u00fbt 1901, ayant pour titre : C.L.A.N. (Culture et Loisirs Associatifs Nancy)&nbsp; ARTICLE 2 &#8211;\u2026","jetpack_sharing_enabled":true,"_links":{"self":[{"href":"https:\/\/asso-clan.net\/index.php?rest_route=\/wp\/v2\/pages\/3662","targetHints":{"allow":["GET"]}}],"collection":[{"href":"https:\/\/asso-clan.net\/index.php?rest_route=\/wp\/v2\/pages"}],"about":[{"href":"https:\/\/asso-clan.net\/index.php?rest_route=\/wp\/v2\/types\/page"}],"author":[{"embeddable":true,"href":"https:\/\/asso-clan.net\/index.php?rest_route=\/wp\/v2\/users\/2"}],"replies":[{"embeddable":true,"href":"https:\/\/asso-clan.net\/index.php?rest_route=%2Fwp%2Fv2%2Fcomments&post=3662"}],"version-history":[{"count":0,"href":"https:\/\/asso-clan.net\/index.php?rest_route=\/wp\/v2\/pages\/3662\/revisions"}],"wp:attachment":[{"href":"https:\/\/asso-clan.net\/index.php?rest_route=%2Fwp%2Fv2%2Fmedia&parent=3662"}],"curies":[{"name":"wp","href":"https:\/\/api.w.org\/{rel}","templated":true}]}}