{"id":2755,"date":"2024-12-27T15:38:08","date_gmt":"2024-12-27T14:38:08","guid":{"rendered":"https:\/\/dev.asso-clan.net\/about\/"},"modified":"2025-06-19T14:56:38","modified_gmt":"2025-06-19T12:56:38","slug":"qui-sommes-nous","status":"publish","type":"page","link":"https:\/\/asso-clan.net\/?page_id=2755","title":{"rendered":"Qui sommes-nous ?"},"content":{"rendered":"\n<div class=\"wp-block-uagb-container uagb-block-2763a1a4 alignfull uagb-is-root-container\">\n<h2 class=\"wp-block-heading has-text-align-center has-ast-global-color-5-color has-text-color has-link-color wp-elements-7ad89ae6e8df24c2d148445dbb062f65\">Qui sommes-nous ?<\/h2>\n<\/div>\n\n\n\n<div class=\"wp-block-uagb-container uagb-block-02e8c70a alignfull uagb-is-root-container\">\n<h3 class=\"wp-block-heading has-text-align-center has-ast-global-color-3-color has-text-color has-link-color wp-elements-6280d479a207aa91e43b9811b7a92abd\" style=\"margin-top:var(--wp--preset--spacing--30);margin-bottom:var(--wp--preset--spacing--30)\">L&rsquo;association qui \u0153uvre pour la culture et l&rsquo;environnement<\/h3>\n<\/div>\n\n\n\n<div class=\"wp-block-uagb-container uagb-block-a26a8cee alignfull uagb-is-root-container\">\n<div class=\"wp-block-uagb-container uagb-layout-grid uagb-block-bcab295c\">\n<div class=\"wp-block-uagb-info-box uagb-block-5ba8c1e6 uagb-infobox__content-wrap  uagb-infobox-icon-above-title uagb-infobox-image-valign-top\"><div class=\"uagb-ifb-content\"><div class=\"uagb-ifb-title-wrap\"><div class=\"uagb-ifb-separator\"><\/div><h3 class=\"uagb-ifb-title\"><strong>Le CLAN (Culture et Loisirs Associatifs \u00e0 Nancy)<\/strong><\/h3><\/div><p class=\"uagb-ifb-desc\"><strong>Une association visant \u00e0 rassembler les personnes d\u00e9sireuses de passer des moments conviviaux en organisant des \u00e9v\u00e9nements r\u00e9guliers sur le secteur de Nancy.<\/strong><\/p><\/div><\/div>\n\n\n\n<div class=\"wp-block-uagb-image aligncenter uagb-block-f00e7286 wp-block-uagb-image--layout-default wp-block-uagb-image--effect-static wp-block-uagb-image--align-center\"><figure class=\"wp-block-uagb-image__figure\"><img loading=\"lazy\" decoding=\"async\" srcset=\"https:\/\/asso-clan.net\/wp-content\/uploads\/2025\/06\/quisommesnous.png ,https:\/\/asso-clan.net\/wp-content\/uploads\/2025\/06\/quisommesnous.png 780w, https:\/\/asso-clan.net\/wp-content\/uploads\/2025\/06\/quisommesnous.png 360w\" sizes=\"auto, (max-width: 480px) 150px\" src=\"https:\/\/asso-clan.net\/wp-content\/uploads\/2025\/06\/quisommesnous.png\" alt=\"\" class=\"uag-image-4586\" width=\"618\" height=\"456\" title=\"\" loading=\"lazy\" role=\"presentation\"\/><\/figure><\/div>\n<\/div>\n<\/div>\n\n\n\n<div class=\"wp-block-uagb-container uagb-block-c21e87fc alignfull uagb-is-root-container\"><div class=\"uagb-container-inner-blocks-wrap\">\n<div class=\"wp-block-uagb-info-box uagb-block-3a2a356e uagb-infobox__content-wrap  uagb-infobox-icon-above-title uagb-infobox-image-valign-top\"><div class=\"uagb-ifb-content\"><div class=\"uagb-ifb-separator\"><\/div><div class=\"uagb-ifb-title-wrap\"><h4 class=\"uagb-ifb-title-prefix\">Pr\u00e9sentation de<\/h4><h2 class=\"uagb-ifb-title\">Notre \u00e9quipe<\/h2><\/div><p class=\"uagb-ifb-desc\">De nos cinq mousquetaires composant le bureau qui se chargent du bon fonctionnement de l\u2019association :<\/p><\/div><\/div>\n\n\n\n<div class=\"wp-block-uagb-container uagb-block-23e83ab6\">\n<div class=\"wp-block-uagb-container uagb-block-b6875f19\">\n<div class=\"wp-block-uagb-info-box uagb-block-5407d535 uagb-infobox__content-wrap  uagb-infobox-icon-above-title uagb-infobox-image-valign-top\"><div class=\"uagb-ifb-content\"><div class=\"uagb-ifb-image-content\"><img loading=\"lazy\" decoding=\"async\" src=\"https:\/\/dev.asso-clan.net\/wp-content\/uploads\/2025\/02\/11.jpg\" alt=\"\" width=\"246\" height=\"267\" loading=\"lazy\"\/><\/div><div class=\"uagb-ifb-title-wrap\"><h4 class=\"uagb-ifb-title\">Rolland CL\u00c9MENT<\/h4><\/div><p class=\"uagb-ifb-desc\">Notre Pr\u00e9sident<\/p><\/div><\/div>\n<\/div>\n\n\n\n<div class=\"wp-block-uagb-container uagb-block-1e3a906c\">\n<div class=\"wp-block-uagb-info-box uagb-block-c5a46b09 uagb-infobox__content-wrap  uagb-infobox-icon-above-title uagb-infobox-image-valign-top\"><div class=\"uagb-ifb-content\"><div class=\"uagb-ifb-image-content\"><img loading=\"lazy\" decoding=\"async\" src=\"https:\/\/dev.asso-clan.net\/wp-content\/uploads\/2025\/02\/13.jpg\" alt=\"\" width=\"224\" height=\"231\" loading=\"lazy\"\/><\/div><div class=\"uagb-ifb-title-wrap\"><h4 class=\"uagb-ifb-title\">Lucien LAHIRE<\/h4><\/div><p class=\"uagb-ifb-desc\">Notre Vice-Pr\u00e9sident<\/p><\/div><\/div>\n<\/div>\n\n\n\n<div class=\"wp-block-uagb-container uagb-block-bdee2edf\">\n<div class=\"wp-block-uagb-info-box uagb-block-3bdcb1d3 uagb-infobox__content-wrap  uagb-infobox-icon-above-title uagb-infobox-image-valign-top\"><div class=\"uagb-ifb-content\"><div class=\"uagb-ifb-image-content\"><img loading=\"lazy\" decoding=\"async\" src=\"https:\/\/dev.asso-clan.net\/wp-content\/uploads\/2025\/02\/12.jpg\" alt=\"\" width=\"198\" height=\"217\" loading=\"lazy\"\/><\/div><div class=\"uagb-ifb-title-wrap\"><h4 class=\"uagb-ifb-title\">C\u00e9dric COLNOT<\/h4><\/div><p class=\"uagb-ifb-desc\">Notre tr\u00e9sorier<\/p><\/div><\/div>\n<\/div>\n<\/div>\n\n\n\n<div class=\"wp-block-uagb-container uagb-block-77bdc6d0\">\n<div class=\"wp-block-uagb-container uagb-block-b2b6dfb3\">\n<div class=\"wp-block-uagb-info-box uagb-block-811c95bf uagb-infobox__content-wrap  uagb-infobox-icon-above-title uagb-infobox-image-valign-top\"><div class=\"uagb-ifb-content\"><div class=\"uagb-ifb-image-content\"><img loading=\"lazy\" decoding=\"async\" src=\"https:\/\/dev.asso-clan.net\/wp-content\/uploads\/2025\/03\/Alex.jpg\" alt=\"\" width=\"246\" height=\"246\" loading=\"lazy\"\/><\/div><div class=\"uagb-ifb-title-wrap\"><h4 class=\"uagb-ifb-title\">Alex NGUYEN<\/h4><\/div><p class=\"uagb-ifb-desc\">Notre Gestionnaire de la communication interne<\/p><\/div><\/div>\n<\/div>\n\n\n\n<div class=\"wp-block-uagb-container uagb-block-f6489e16\">\n<div class=\"wp-block-uagb-info-box uagb-block-07cad990 uagb-infobox__content-wrap  uagb-infobox-icon-above-title uagb-infobox-image-valign-top\"><div class=\"uagb-ifb-content\"><div class=\"uagb-ifb-image-content\"><img loading=\"lazy\" decoding=\"async\" src=\"https:\/\/dev.asso-clan.net\/wp-content\/uploads\/2025\/03\/Marco.jpg.jpg\" alt=\"\" width=\"628\" height=\"837\" loading=\"lazy\"\/><\/div><div class=\"uagb-ifb-title-wrap\"><h4 class=\"uagb-ifb-title\">Marco CANTAMAGLIA<\/h4><\/div><p class=\"uagb-ifb-desc\">Notre Webmaster<\/p><\/div><\/div>\n<\/div>\n<\/div>\n<\/div><\/div>\n\n\n\n<div class=\"wp-block-uagb-container uagb-block-b306111a alignfull uagb-is-root-container\"><div class=\"uagb-container-inner-blocks-wrap\"><\/div><\/div>\n\n\n\n<h2 class=\"wp-block-heading has-text-align-center has-border-color has-ast-global-color-3-border-color has-ast-global-color-0-color has-ast-global-color-1-background-color has-text-color has-background has-link-color has-medium-font-size wp-elements-45ea20885ca1cbf2dbf17b7af1260c24\" style=\"border-style:dotted;border-width:2px\">Nos partenaires<\/h2>\n\n\n\n<div class=\"wp-block-uagb-container uagb-block-2bb13011 alignfull uagb-is-root-container\"><div class=\"uagb-container-inner-blocks-wrap\">\n<div class=\"wp-block-uagb-container uagb-block-1ab8207a\">\n<div class=\"wp-block-uagb-image uagb-block-48c87685 wp-block-uagb-image--layout-default wp-block-uagb-image--effect-static wp-block-uagb-image--align-none\"><figure class=\"wp-block-uagb-image__figure\"><a class=\"\" href=\"https:\/\/www.intercea.fr\/\" target=\"\" rel=\"noopener\"><img loading=\"lazy\" decoding=\"async\" srcset=\"https:\/\/dev.asso-clan.net\/wp-content\/uploads\/2025\/02\/ICON-SITE-WEB.png ,https:\/\/dev.asso-clan.net\/wp-content\/uploads\/2025\/02\/ICON-SITE-WEB.png 780w, https:\/\/dev.asso-clan.net\/wp-content\/uploads\/2025\/02\/ICON-SITE-WEB.png 360w\" sizes=\"auto, (max-width: 480px) 150px\" src=\"https:\/\/dev.asso-clan.net\/wp-content\/uploads\/2025\/02\/ICON-SITE-WEB.png\" alt=\"\" class=\"uag-image-3336\" width=\"120\" height=\"120\" title=\"ICON SITE WEB\" loading=\"lazy\" role=\"img\"\/><\/a><\/figure><\/div>\n<\/div>\n\n\n\n<div class=\"wp-block-uagb-container uagb-block-7d71a042\">\n<div class=\"wp-block-uagb-image uagb-block-88aabf4a wp-block-uagb-image--layout-default wp-block-uagb-image--effect-static wp-block-uagb-image--align-none\"><figure class=\"wp-block-uagb-image__figure\"><a class=\"\" href=\"https:\/\/www.notredamesaintsigisbert.fr\/\" target=\"\" rel=\"noopener\"><img loading=\"lazy\" decoding=\"async\" srcset=\"https:\/\/dev.asso-clan.net\/wp-content\/uploads\/2025\/03\/Logo-Sigis.jpg ,https:\/\/dev.asso-clan.net\/wp-content\/uploads\/2025\/03\/Logo-Sigis.jpg 780w, https:\/\/dev.asso-clan.net\/wp-content\/uploads\/2025\/03\/Logo-Sigis.jpg 360w\" sizes=\"auto, (max-width: 480px) 150px\" src=\"https:\/\/dev.asso-clan.net\/wp-content\/uploads\/2025\/03\/Logo-Sigis.jpg\" alt=\"\" class=\"uag-image-3534\" width=\"600\" height=\"403\" title=\"Logo Sigis\" loading=\"lazy\" role=\"img\"\/><\/a><\/figure><\/div>\n<\/div>\n\n\n\n<div class=\"wp-block-uagb-container uagb-block-e166d6b1\">\n<div class=\"wp-block-uagb-image uagb-block-f1f6f800 wp-block-uagb-image--layout-default wp-block-uagb-image--effect-static wp-block-uagb-image--align-none\"><figure class=\"wp-block-uagb-image__figure\"><a class=\"\" href=\"https:\/\/www.facebook.com\/foyer.rural.de.dommartin.sous.amance\" target=\"\" rel=\"noopener\"><img loading=\"lazy\" decoding=\"async\" srcset=\"https:\/\/dev.asso-clan.net\/wp-content\/uploads\/2025\/02\/Logo-foyer.png ,https:\/\/dev.asso-clan.net\/wp-content\/uploads\/2025\/02\/Logo-foyer.png 780w, https:\/\/dev.asso-clan.net\/wp-content\/uploads\/2025\/02\/Logo-foyer.png 360w\" sizes=\"auto, (max-width: 480px) 150px\" src=\"https:\/\/dev.asso-clan.net\/wp-content\/uploads\/2025\/02\/Logo-foyer.png\" alt=\"\" class=\"uag-image-3337\" width=\"120\" height=\"120\" title=\"Logo foyer\" loading=\"lazy\" role=\"img\"\/><\/a><\/figure><\/div>\n<\/div>\n\n\n\n<div class=\"wp-block-uagb-container uagb-block-718b1e5c\">\n<div class=\"wp-block-uagb-image uagb-block-0a63420e wp-block-uagb-image--layout-default wp-block-uagb-image--effect-static wp-block-uagb-image--align-none\"><figure class=\"wp-block-uagb-image__figure\"><a class=\"\" href=\"https:\/\/francas54.org\/\" target=\"\" rel=\"noopener\"><img loading=\"lazy\" decoding=\"async\" srcset=\"https:\/\/asso-clan.net\/wp-content\/uploads\/2025\/06\/Francas_Meurthe-et-Moselle_rvb-1080x395.jpg ,https:\/\/asso-clan.net\/wp-content\/uploads\/2025\/06\/Francas_Meurthe-et-Moselle_rvb.jpg 780w, https:\/\/asso-clan.net\/wp-content\/uploads\/2025\/06\/Francas_Meurthe-et-Moselle_rvb.jpg 360w\" sizes=\"auto, (max-width: 480px) 150px\" src=\"https:\/\/asso-clan.net\/wp-content\/uploads\/2025\/06\/Francas_Meurthe-et-Moselle_rvb-1080x395.jpg\" alt=\"\" class=\"uag-image-4718\" width=\"1080\" height=\"395\" title=\"Francas_Indre-et-Loire et Loir-et-Cher_cmjn\" loading=\"lazy\" role=\"img\"\/><\/a><\/figure><\/div>\n<\/div>\n<\/div><\/div>\n\n\n\n<div class=\"wp-block-uagb-container uagb-block-35efe6d9 alignfull uagb-is-root-container\"><div class=\"uagb-container-inner-blocks-wrap\">\n<div class=\"wp-block-uagb-container uagb-block-c1225249\">\n<div class=\"wp-block-uagb-image uagb-block-f21bd458 wp-block-uagb-image--layout-default wp-block-uagb-image--effect-static wp-block-uagb-image--align-none\"><figure class=\"wp-block-uagb-image__figure\"><img loading=\"lazy\" decoding=\"async\" srcset=\"https:\/\/dev.asso-clan.net\/wp-content\/uploads\/2025\/03\/logo-labeille.png ,https:\/\/dev.asso-clan.net\/wp-content\/uploads\/2025\/03\/logo-labeille.png 780w, https:\/\/dev.asso-clan.net\/wp-content\/uploads\/2025\/03\/logo-labeille.png 360w\" sizes=\"auto, (max-width: 480px) 150px\" src=\"https:\/\/dev.asso-clan.net\/wp-content\/uploads\/2025\/03\/logo-labeille.png\" alt=\"\" class=\"uag-image-3529\" width=\"549\" height=\"567\" title=\"logo labeille\" loading=\"lazy\" role=\"img\"\/><\/figure><\/div>\n<\/div>\n\n\n\n<div class=\"wp-block-uagb-container uagb-block-d6ecb1c1\">\n<div class=\"wp-block-uagb-image uagb-block-d1f269ac wp-block-uagb-image--layout-default wp-block-uagb-image--effect-static wp-block-uagb-image--align-none\"><figure class=\"wp-block-uagb-image__figure\"><a class=\"\" href=\"https:\/\/comcha.pro\/\" target=\"\" rel=\"noopener\"><img loading=\"lazy\" decoding=\"async\" srcset=\"https:\/\/dev.asso-clan.net\/wp-content\/uploads\/2025\/03\/ComCha-logo-web.png ,https:\/\/dev.asso-clan.net\/wp-content\/uploads\/2025\/03\/ComCha-logo-web.png 780w, https:\/\/dev.asso-clan.net\/wp-content\/uploads\/2025\/03\/ComCha-logo-web.png 360w\" sizes=\"auto, (max-width: 480px) 150px\" src=\"https:\/\/dev.asso-clan.net\/wp-content\/uploads\/2025\/03\/ComCha-logo-web.png\" alt=\"\" class=\"uag-image-3536\" width=\"937\" height=\"931\" title=\"ComCha-logo-web\" loading=\"lazy\" role=\"img\"\/><\/a><\/figure><\/div>\n<\/div>\n\n\n\n<div class=\"wp-block-uagb-container uagb-block-864e68ef\">\n<div class=\"wp-block-uagb-image uagb-block-5f95b424 wp-block-uagb-image--layout-default wp-block-uagb-image--effect-static wp-block-uagb-image--align-none\"><figure class=\"wp-block-uagb-image__figure\"><a class=\"\" href=\"https:\/\/codeursenherbe.com\/\" target=\"\" rel=\"noopener\"><img loading=\"lazy\" decoding=\"async\" srcset=\"https:\/\/dev.asso-clan.net\/wp-content\/uploads\/2025\/03\/codeurs-en-herbe-logo.png ,https:\/\/dev.asso-clan.net\/wp-content\/uploads\/2025\/03\/codeurs-en-herbe-logo.png 780w, https:\/\/dev.asso-clan.net\/wp-content\/uploads\/2025\/03\/codeurs-en-herbe-logo.png 360w\" sizes=\"auto, (max-width: 480px) 150px\" src=\"https:\/\/dev.asso-clan.net\/wp-content\/uploads\/2025\/03\/codeurs-en-herbe-logo.png\" alt=\"\" class=\"uag-image-3548\" width=\"500\" height=\"500\" title=\"codeurs en herbe logo\" loading=\"lazy\" role=\"img\"\/><\/a><\/figure><\/div>\n<\/div>\n<\/div><\/div>\n\n\n\n<div class=\"wp-block-uagb-container uagb-block-c905cc36 alignfull uagb-is-root-container\"><div class=\"uagb-container-inner-blocks-wrap\">\n<div class=\"wp-block-buttons alignfull is-content-justification-center is-layout-flex wp-container-core-buttons-is-layout-a89b3969 wp-block-buttons-is-layout-flex\"><\/div>\n<\/div><\/div>\n\n\n\n<div class=\"wp-block-uagb-separator uagb-block-e78092e8\"><div class=\"uagb-separator-spacing-wrapper\"><div class=\"wp-block-uagb-separator__inner\" style=\"--my-background-image:\"><\/div><\/div><\/div>\n\n\n\n<p>&nbsp;<\/p>\n\n\n\n<p><\/p>\n","protected":false},"excerpt":{"rendered":"<p>Qui sommes-nous ? L&rsquo;association qui \u0153uvre pour la culture et l&rsquo;environnement Nos partenaires &nbsp;<\/p>\n","protected":false},"author":2,"featured_media":0,"parent":0,"menu_order":0,"comment_status":"closed","ping_status":"closed","template":"","meta":{"_uag_custom_page_level_css":"","site-sidebar-layout":"no-sidebar","site-content-layout":"plain-container","ast-site-content-layout":"full-width-container","site-content-style":"default","site-sidebar-style":"default","ast-global-header-display":"","ast-banner-title-visibility":"","ast-main-header-display":"","ast-hfb-above-header-display":"","ast-hfb-below-header-display":"","ast-hfb-mobile-header-display":"","site-post-title":"disabled","ast-breadcrumbs-content":"","ast-featured-img":"","footer-sml-layout":"","theme-transparent-header-meta":"enabled","adv-header-id-meta":"","stick-header-meta":"","header-above-stick-meta":"","header-main-stick-meta":"","header-below-stick-meta":"","astra-migrate-meta-layouts":"set","ast-page-background-enabled":"default","ast-page-background-meta":{"desktop":{"background-color":"","background-image":"","background-repeat":"repeat","background-position":"center center","background-size":"auto","background-attachment":"scroll","background-type":"","background-media":"","overlay-type":"","overlay-color":"","overlay-opacity":"","overlay-gradient":""},"tablet":{"background-color":"","background-image":"","background-repeat":"repeat","background-position":"center center","background-size":"auto","background-attachment":"scroll","background-type":"","background-media":"","overlay-type":"","overlay-color":"","overlay-opacity":"","overlay-gradient":""},"mobile":{"background-color":"","background-image":"","background-repeat":"repeat","background-position":"center center","background-size":"auto","background-attachment":"scroll","background-type":"","background-media":"","overlay-type":"","overlay-color":"","overlay-opacity":"","overlay-gradient":""}},"ast-content-background-meta":{"desktop":{"background-color":"var(--ast-global-color-5)","background-image":"","background-repeat":"repeat","background-position":"center center","background-size":"auto","background-attachment":"scroll","background-type":"","background-media":"","overlay-type":"","overlay-color":"","overlay-opacity":"","overlay-gradient":""},"tablet":{"background-color":"var(--ast-global-color-5)","background-image":"","background-repeat":"repeat","background-position":"center center","background-size":"auto","background-attachment":"scroll","background-type":"","background-media":"","overlay-type":"","overlay-color":"","overlay-opacity":"","overlay-gradient":""},"mobile":{"background-color":"var(--ast-global-color-5)","background-image":"","background-repeat":"repeat","background-position":"center center","background-size":"auto","background-attachment":"scroll","background-type":"","background-media":"","overlay-type":"","overlay-color":"","overlay-opacity":"","overlay-gradient":""}},"footnotes":""},"class_list":["post-2755","page","type-page","status-publish","hentry"],"yoast_head":"<!-- This site is optimized with the Yoast SEO plugin v25.1 - https:\/\/yoast.com\/wordpress\/plugins\/seo\/ -->\n<title>Qui sommes-nous ? - CLAN<\/title>\n<meta name=\"robots\" content=\"index, follow, max-snippet:-1, max-image-preview:large, max-video-preview:-1\" \/>\n<link rel=\"canonical\" href=\"https:\/\/asso-clan.net\/?page_id=2755\" \/>\n<meta property=\"og:locale\" content=\"fr_FR\" \/>\n<meta property=\"og:type\" content=\"article\" \/>\n<meta property=\"og:title\" content=\"Qui sommes-nous ? - CLAN\" \/>\n<meta property=\"og:description\" content=\"Qui sommes-nous ? L&rsquo;association qui \u0153uvre pour la culture et l&rsquo;environnement Nos partenaires &nbsp;\" \/>\n<meta property=\"og:url\" content=\"https:\/\/asso-clan.net\/?page_id=2755\" \/>\n<meta property=\"og:site_name\" content=\"CLAN\" \/>\n<meta property=\"article:modified_time\" content=\"2025-06-19T12:56:38+00:00\" \/>\n<meta property=\"og:image\" content=\"http:\/\/asso-clan.net\/wp-content\/uploads\/2025\/06\/quisommesnous.png\" \/>\n<meta name=\"twitter:card\" content=\"summary_large_image\" \/>\n<meta name=\"twitter:label1\" content=\"Dur\u00e9e de lecture estim\u00e9e\" \/>\n\t<meta name=\"twitter:data1\" content=\"4 minutes\" \/>\n<script type=\"application\/ld+json\" class=\"yoast-schema-graph\">{\"@context\":\"https:\/\/schema.org\",\"@graph\":[{\"@type\":\"WebPage\",\"@id\":\"https:\/\/asso-clan.net\/?page_id=2755\",\"url\":\"https:\/\/asso-clan.net\/?page_id=2755\",\"name\":\"Qui sommes-nous ? - CLAN\",\"isPartOf\":{\"@id\":\"http:\/\/asso-clan.net\/#website\"},\"primaryImageOfPage\":{\"@id\":\"https:\/\/asso-clan.net\/?page_id=2755#primaryimage\"},\"image\":{\"@id\":\"https:\/\/asso-clan.net\/?page_id=2755#primaryimage\"},\"thumbnailUrl\":\"http:\/\/asso-clan.net\/wp-content\/uploads\/2025\/06\/quisommesnous.png\",\"datePublished\":\"2024-12-27T14:38:08+00:00\",\"dateModified\":\"2025-06-19T12:56:38+00:00\",\"breadcrumb\":{\"@id\":\"https:\/\/asso-clan.net\/?page_id=2755#breadcrumb\"},\"inLanguage\":\"fr-FR\",\"potentialAction\":[{\"@type\":\"ReadAction\",\"target\":[\"https:\/\/asso-clan.net\/?page_id=2755\"]}]},{\"@type\":\"ImageObject\",\"inLanguage\":\"fr-FR\",\"@id\":\"https:\/\/asso-clan.net\/?page_id=2755#primaryimage\",\"url\":\"https:\/\/asso-clan.net\/wp-content\/uploads\/2025\/06\/quisommesnous.png\",\"contentUrl\":\"https:\/\/asso-clan.net\/wp-content\/uploads\/2025\/06\/quisommesnous.png\",\"width\":650,\"height\":456},{\"@type\":\"BreadcrumbList\",\"@id\":\"https:\/\/asso-clan.net\/?page_id=2755#breadcrumb\",\"itemListElement\":[{\"@type\":\"ListItem\",\"position\":1,\"name\":\"Accueil\",\"item\":\"https:\/\/asso-clan.net\/\"},{\"@type\":\"ListItem\",\"position\":2,\"name\":\"Qui sommes-nous ?\"}]},{\"@type\":\"WebSite\",\"@id\":\"http:\/\/asso-clan.net\/#website\",\"url\":\"http:\/\/asso-clan.net\/\",\"name\":\"CLAN\",\"description\":\"Culture et Loisirs Associatifs Nancy\",\"publisher\":{\"@id\":\"http:\/\/asso-clan.net\/#organization\"},\"potentialAction\":[{\"@type\":\"SearchAction\",\"target\":{\"@type\":\"EntryPoint\",\"urlTemplate\":\"http:\/\/asso-clan.net\/?s={search_term_string}\"},\"query-input\":{\"@type\":\"PropertyValueSpecification\",\"valueRequired\":true,\"valueName\":\"search_term_string\"}}],\"inLanguage\":\"fr-FR\"},{\"@type\":\"Organization\",\"@id\":\"http:\/\/asso-clan.net\/#organization\",\"name\":\"CLAN - Culture et Loisirs Associatifs Nancy\",\"url\":\"http:\/\/asso-clan.net\/\",\"logo\":{\"@type\":\"ImageObject\",\"inLanguage\":\"fr-FR\",\"@id\":\"http:\/\/asso-clan.net\/#\/schema\/logo\/image\/\",\"url\":\"https:\/\/asso-clan.net\/wp-content\/uploads\/2024\/12\/cropped-logo-vector.png\",\"contentUrl\":\"https:\/\/asso-clan.net\/wp-content\/uploads\/2024\/12\/cropped-logo-vector.png\",\"width\":1164,\"height\":387,\"caption\":\"CLAN - Culture et Loisirs Associatifs Nancy\"},\"image\":{\"@id\":\"http:\/\/asso-clan.net\/#\/schema\/logo\/image\/\"}}]}<\/script>\n<!-- \/ Yoast SEO plugin. -->","yoast_head_json":{"title":"Qui sommes-nous ? - CLAN","robots":{"index":"index","follow":"follow","max-snippet":"max-snippet:-1","max-image-preview":"max-image-preview:large","max-video-preview":"max-video-preview:-1"},"canonical":"https:\/\/asso-clan.net\/?page_id=2755","og_locale":"fr_FR","og_type":"article","og_title":"Qui sommes-nous ? - CLAN","og_description":"Qui sommes-nous ? L&rsquo;association qui \u0153uvre pour la culture et l&rsquo;environnement Nos partenaires &nbsp;","og_url":"https:\/\/asso-clan.net\/?page_id=2755","og_site_name":"CLAN","article_modified_time":"2025-06-19T12:56:38+00:00","og_image":[{"url":"http:\/\/asso-clan.net\/wp-content\/uploads\/2025\/06\/quisommesnous.png","type":"","width":"","height":""}],"twitter_card":"summary_large_image","twitter_misc":{"Dur\u00e9e de lecture estim\u00e9e":"4 minutes"},"schema":{"@context":"https:\/\/schema.org","@graph":[{"@type":"WebPage","@id":"https:\/\/asso-clan.net\/?page_id=2755","url":"https:\/\/asso-clan.net\/?page_id=2755","name":"Qui sommes-nous ? - CLAN","isPartOf":{"@id":"http:\/\/asso-clan.net\/#website"},"primaryImageOfPage":{"@id":"https:\/\/asso-clan.net\/?page_id=2755#primaryimage"},"image":{"@id":"https:\/\/asso-clan.net\/?page_id=2755#primaryimage"},"thumbnailUrl":"http:\/\/asso-clan.net\/wp-content\/uploads\/2025\/06\/quisommesnous.png","datePublished":"2024-12-27T14:38:08+00:00","dateModified":"2025-06-19T12:56:38+00:00","breadcrumb":{"@id":"https:\/\/asso-clan.net\/?page_id=2755#breadcrumb"},"inLanguage":"fr-FR","potentialAction":[{"@type":"ReadAction","target":["https:\/\/asso-clan.net\/?page_id=2755"]}]},{"@type":"ImageObject","inLanguage":"fr-FR","@id":"https:\/\/asso-clan.net\/?page_id=2755#primaryimage","url":"https:\/\/asso-clan.net\/wp-content\/uploads\/2025\/06\/quisommesnous.png","contentUrl":"https:\/\/asso-clan.net\/wp-content\/uploads\/2025\/06\/quisommesnous.png","width":650,"height":456},{"@type":"BreadcrumbList","@id":"https:\/\/asso-clan.net\/?page_id=2755#breadcrumb","itemListElement":[{"@type":"ListItem","position":1,"name":"Accueil","item":"https:\/\/asso-clan.net\/"},{"@type":"ListItem","position":2,"name":"Qui sommes-nous ?"}]},{"@type":"WebSite","@id":"http:\/\/asso-clan.net\/#website","url":"http:\/\/asso-clan.net\/","name":"CLAN","description":"Culture et Loisirs Associatifs Nancy","publisher":{"@id":"http:\/\/asso-clan.net\/#organization"},"potentialAction":[{"@type":"SearchAction","target":{"@type":"EntryPoint","urlTemplate":"http:\/\/asso-clan.net\/?s={search_term_string}"},"query-input":{"@type":"PropertyValueSpecification","valueRequired":true,"valueName":"search_term_string"}}],"inLanguage":"fr-FR"},{"@type":"Organization","@id":"http:\/\/asso-clan.net\/#organization","name":"CLAN - Culture et Loisirs Associatifs Nancy","url":"http:\/\/asso-clan.net\/","logo":{"@type":"ImageObject","inLanguage":"fr-FR","@id":"http:\/\/asso-clan.net\/#\/schema\/logo\/image\/","url":"https:\/\/asso-clan.net\/wp-content\/uploads\/2024\/12\/cropped-logo-vector.png","contentUrl":"https:\/\/asso-clan.net\/wp-content\/uploads\/2024\/12\/cropped-logo-vector.png","width":1164,"height":387,"caption":"CLAN - Culture et Loisirs Associatifs Nancy"},"image":{"@id":"http:\/\/asso-clan.net\/#\/schema\/logo\/image\/"}}]}},"uagb_featured_image_src":{"full":false,"thumbnail":false,"medium":false,"medium_large":false,"large":false,"1536x1536":false,"2048x2048":false,"wishsuite-image":false,"ever-compare-image":false,"mailpoet_newsletter_max":false,"woocommerce_thumbnail":false,"woocommerce_single":false,"woocommerce_gallery_thumbnail":false},"uagb_author_info":{"display_name":"Charlotte","author_link":"https:\/\/asso-clan.net\/?author=2"},"uagb_comment_info":0,"uagb_excerpt":"Qui sommes-nous ? L&rsquo;association qui \u0153uvre pour la culture et l&rsquo;environnement Nos partenaires &nbsp;","jetpack_sharing_enabled":true,"_links":{"self":[{"href":"https:\/\/asso-clan.net\/index.php?rest_route=\/wp\/v2\/pages\/2755","targetHints":{"allow":["GET"]}}],"collection":[{"href":"https:\/\/asso-clan.net\/index.php?rest_route=\/wp\/v2\/pages"}],"about":[{"href":"https:\/\/asso-clan.net\/index.php?rest_route=\/wp\/v2\/types\/page"}],"author":[{"embeddable":true,"href":"https:\/\/asso-clan.net\/index.php?rest_route=\/wp\/v2\/users\/2"}],"replies":[{"embeddable":true,"href":"https:\/\/asso-clan.net\/index.php?rest_route=%2Fwp%2Fv2%2Fcomments&post=2755"}],"version-history":[{"count":3,"href":"https:\/\/asso-clan.net\/index.php?rest_route=\/wp\/v2\/pages\/2755\/revisions"}],"predecessor-version":[{"id":4719,"href":"https:\/\/asso-clan.net\/index.php?rest_route=\/wp\/v2\/pages\/2755\/revisions\/4719"}],"wp:attachment":[{"href":"https:\/\/asso-clan.net\/index.php?rest_route=%2Fwp%2Fv2%2Fmedia&parent=2755"}],"curies":[{"name":"wp","href":"https:\/\/api.w.org\/{rel}","templated":true}]}}